{"id":16755,"date":"2024-01-15T11:39:55","date_gmt":"2024-01-15T11:39:55","guid":{"rendered":"http:\/\/www.deferrari-modesti.com\/ita\/?page_id=16755"},"modified":"2024-05-27T10:34:59","modified_gmt":"2024-05-27T10:34:59","slug":"divina_simulacra_galleria_degli_uffizi","status":"publish","type":"page","link":"https:\/\/www.deferrari-modesti.com\/ita\/projects\/divina_simulacra_galleria_degli_uffizi\/","title":{"rendered":"DIVINIA SIMULACRA | Le Gallerie degli Uffizi"},"content":{"rendered":"<p>[vc_row content_width=&#8221;grid&#8221; el_id=&#8221;info&#8221; css=&#8221;.vc_custom_1591536721606{padding-top: 50px !important;}&#8221;][vc_column][vc_column_text css_animation=&#8221;none&#8221;]<\/p>\n<h1 style=\"text-align: left;\">DIVINA SIMULACRA<\/h1>\n<h2 style=\"text-align: left;\"><em>Capolavori di scultura classica della Galleria degli Uffizi<\/em><\/h2>\n<p>[\/vc_column_text][\/vc_column][\/vc_row][vc_row][vc_column offset=&#8221;vc_hidden-xs&#8221;][vc_empty_space height=&#8221;45&#8243;][\/vc_column][\/vc_row][vc_row content_width=&#8221;grid&#8221; css=&#8221;.vc_custom_1705925154314{padding-top: 15px !important;padding-bottom: 15px !important;}&#8221;][vc_column width=&#8221;1\/4&#8243; css=&#8221;.vc_custom_1705318986316{padding-bottom: 15px !important;}&#8221;][\/vc_column][vc_column width=&#8221;3\/4&#8243;][vc_single_image image=&#8221;16767&#8243; img_size=&#8221;full&#8221; add_caption=&#8221;yes&#8221; alignment=&#8221;right&#8221;][\/vc_column][\/vc_row][vc_row][vc_column offset=&#8221;vc_hidden-xs&#8221;][vc_empty_space height=&#8221;50&#8243;][\/vc_column][\/vc_row][vc_row content_width=&#8221;grid&#8221; css=&#8221;.vc_custom_1705925147394{padding-top: 15px !important;}&#8221;][vc_column][vc_row_inner css=&#8221;.vc_custom_1705925188943{padding-top: 15px !important;}&#8221;][vc_column_inner width=&#8221;7\/12&#8243; css=&#8221;.vc_custom_1591536731477{padding-right: 25px !important;padding-bottom: 40px !important;}&#8221;][vc_column_text]Il progetto curatoriale della mostra ha l&#8217;obiettivo di mettere in evidenza parte della ricca collezione di scultura antica gi\u00e0 presente nelle Gallerie, attraverso la ricomposizione di alcuni gruppi scultorei e rendendo pi\u00f9 accessibili al pubblico alcune delle opere pi\u00f9 importanti del museo, tra cui alcune sculture presenti all&#8217;interno della Tribuna.<\/p>\n<p>Il progetto\u00a0di allestimento si \u00e8 misurato con le caratteristiche delle sale vasariane recentemente restaurate facendo dialogare le opere tra loro e in relazione allo spazio, tenendo in considerazione il grande flusso di visitatori, i percorsi, i coni di vista, i criteri di sicurezza, creando un sistema spaziale di volta in volta unico.<\/p>\n<p>E&#8217; stato quindi sviluppato un sistema articolato tra basamenti a terra, basamenti su pedane di forma rettangolare o circolari, quinte scenografiche, studiato in base ai criteri condivisi, alle caratteristiche spaziali delle sale e alle caratteristiche dimensionali delle opere.<\/p>\n<p>Un alfabeto costituito da elementi compositivi e materici che si inseriscono nel contesto storico, variamente combinati a seconda delle esigenze di ogni sala, ma con un linguaggio comune. [\/vc_column_text][\/vc_column_inner][vc_column_inner width=&#8221;5\/12&#8243; css=&#8221;.vc_custom_1591530312458{padding-bottom: 40px !important;}&#8221;][vc_column_text]<em>Cliente: <\/em><br \/>\nLe Gallerie degli Uffizi<\/p>\n<p><em>Direttore:<\/em><br \/>\nEike D. Schmidt<\/p>\n<p><em>A cura di:<\/em><br \/>\nFabrizio Paolucci<\/p>\n<p><em>Progetto di allestimento:<\/em><br \/>\nLian Pellican\u00f2<br \/>\nDEFERRARI+MODESTI<br \/>\nJavier Deferrari | Lavinia Modesti<\/p>\n<p><em>Hanno collaborato:<\/em><br \/>\nOliviero Martini<br \/>\nGianni Bertozzi<br \/>\nFabio Facchini<\/p>\n<p><em>Realizzazione dell&#8217;allestimento:<\/em><br \/>\nOpera Laboratori | Roberto Popovic<\/p>\n<p><em>Anno:<\/em> 2022\/2023<br \/>\n<em>Superficie:<\/em> 200 mq<br \/>\n&#8211;<br \/>\nSu concessione del Ministero della Cultura<br \/>\nLe Gallerie degli Uffizi[\/vc_column_text][\/vc_column_inner][\/vc_row_inner][\/vc_column][\/vc_row][vc_row content_width=&#8221;grid&#8221; css=&#8221;.vc_custom_1696508334445{padding-top: 15px !important;padding-bottom: 15px !important;}&#8221;][vc_column width=&#8221;6\/12&#8243;][vc_single_image image=&#8221;16772&#8243; img_size=&#8221;full&#8221; add_caption=&#8221;yes&#8221; css=&#8221;.vc_custom_1706012255515{padding-bottom: 30px !important;}&#8221;][\/vc_column][vc_column width=&#8221;1\/12&#8243;][\/vc_column][vc_column width=&#8221;5\/12&#8243;][vc_row_inner][vc_column_inner offset=&#8221;vc_hidden-xs&#8221;][vc_empty_space height=&#8221;600&#8243;][\/vc_column_inner][\/vc_row_inner][vc_single_image image=&#8221;16770&#8243; img_size=&#8221;full&#8221; add_caption=&#8221;yes&#8221; css=&#8221;.vc_custom_1706014589839{padding-bottom: 30px !important;}&#8221;][\/vc_column][\/vc_row][vc_row content_width=&#8221;grid&#8221; css=&#8221;.vc_custom_1696508334445{padding-top: 15px !important;padding-bottom: 15px !important;}&#8221;][vc_column width=&#8221;6\/12&#8243;][vc_single_image image=&#8221;16760&#8243; img_size=&#8221;full&#8221; add_caption=&#8221;yes&#8221; css=&#8221;.vc_custom_1706014596444{padding-bottom: 30px !important;}&#8221;][\/vc_column][vc_column width=&#8221;1\/12&#8243;][\/vc_column][vc_column width=&#8221;5\/12&#8243;][vc_row_inner][vc_column_inner offset=&#8221;vc_hidden-xs&#8221;][vc_empty_space height=&#8221;600&#8243;][\/vc_column_inner][\/vc_row_inner][vc_single_image image=&#8221;16761&#8243; img_size=&#8221;full&#8221; add_caption=&#8221;yes&#8221; css=&#8221;.vc_custom_1706014603172{padding-bottom: 30px !important;}&#8221;][\/vc_column][\/vc_row][vc_row content_width=&#8221;grid&#8221; css=&#8221;.vc_custom_1696508334445{padding-top: 15px !important;padding-bottom: 15px !important;}&#8221;][vc_column css=&#8221;.vc_custom_1705318986316{padding-bottom: 15px !important;}&#8221;][vc_single_image image=&#8221;16819&#8243; img_size=&#8221;full&#8221; alignment=&#8221;center&#8221;][\/vc_column][\/vc_row][vc_row content_width=&#8221;grid&#8221; css=&#8221;.vc_custom_1696508334445{padding-top: 15px !important;padding-bottom: 15px !important;}&#8221;][vc_column css=&#8221;.vc_custom_1705318986316{padding-bottom: 15px !important;}&#8221;][vc_single_image image=&#8221;16820&#8243; img_size=&#8221;full&#8221; alignment=&#8221;center&#8221;][\/vc_column][\/vc_row][vc_row content_width=&#8221;grid&#8221; css=&#8221;.vc_custom_1705924407436{padding-top: 15px !important;padding-bottom: 50px !important;}&#8221;][vc_column css=&#8221;.vc_custom_1705318986316{padding-bottom: 15px !important;}&#8221;][vc_single_image image=&#8221;16823&#8243; img_size=&#8221;full&#8221; alignment=&#8221;center&#8221;][\/vc_column][\/vc_row][vc_row css=&#8221;.vc_custom_1562889965180{background-color: #f4f4f4 !important;}&#8221; el_id=&#8221;recent&#8221;][vc_column][vc_row_inner css=&#8221;.vc_custom_1489421666484{padding-top: 60px !important;}&#8221;][vc_column_inner css=&#8221;.vc_custom_1489786616955{padding-bottom: 30px !important;}&#8221;][vc_column_text]<\/p>\n<h2 style=\"text-align: center;\">LAVORI RECENTI<\/h2>\n<p>[\/vc_column_text][\/vc_column_inner][\/vc_row_inner][vc_row_inner content_width=&#8221;grid&#8221;][vc_column_inner]<div class = \"edgtf-portfolio-list-holder-outer edgtf-ptf-gallery edgtf-ptf-with-space edgtf-ptf-hover-info-zoom-overlay edgtf-ptf-five-columns\" data-next-page= \"2\" data-type= \"gallery\" data-columns= \"5\" data-grid-size= \"three\" data-order-by= \"menu_order\" data-order= \"DESC\" data-number= \"5\" data-image-size= \"square\" data-hover-type= \"info-zoom-overlay\" data-pinterest-show-info= \"on_hover\" data-pinterest-overlay-type= \"default\" data-filter= \"no\" data-filter-order-by= \"name\" data-category= \"projects\" data-show-more= \"none\" data-title-tag= \"h4\" data-max-num-pages = 10><div class = \"edgtf-portfolio-list-holder clearfix\" >\n<article class=\"edgtf-portfolio-item mix portfolio_category_257 portfolio_category_256\" >\n\t<div class=\"edgtf-portfolio-item-inner\">\n\t\t<a class=\"edgtf-portfolio-link\" href=\"\/ita\/projects\/nabe_milano\/\"><\/a>\n\t\t<div class=\"edgtf-item-image-holder\">\n\t\t\t<div class=\"edgtf-item-image-holder-inner\">\n\t\t\t\t<img loading=\"lazy\" decoding=\"async\" width=\"550\" height=\"550\" src=\"https:\/\/i0.wp.com\/www.deferrari-modesti.com\/ita\/wp-content\/uploads\/2026\/04\/nabe-store_DSCF1610.jpg?resize=550%2C550&amp;ssl=1\" class=\"attachment-oberon_edge_square size-oberon_edge_square wp-post-image\" alt=\"Negozio Nab\u00e8 a Milano by Deferrari+Modesti, Flagship Store, interior Design, Milano\" srcset=\"https:\/\/i0.wp.com\/www.deferrari-modesti.com\/ita\/wp-content\/uploads\/2026\/04\/nabe-store_DSCF1610.jpg?resize=150%2C150&amp;ssl=1 150w, https:\/\/i0.wp.com\/www.deferrari-modesti.com\/ita\/wp-content\/uploads\/2026\/04\/nabe-store_DSCF1610.jpg?resize=550%2C550&amp;ssl=1 550w, https:\/\/i0.wp.com\/www.deferrari-modesti.com\/ita\/wp-content\/uploads\/2026\/04\/nabe-store_DSCF1610.jpg?resize=1000%2C1000&amp;ssl=1 1000w, https:\/\/i0.wp.com\/www.deferrari-modesti.com\/ita\/wp-content\/uploads\/2026\/04\/nabe-store_DSCF1610.jpg?zoom=2&amp;resize=550%2C550 1100w\" sizes=\"auto, (max-width: 550px) 100vw, 550px\" \/>\t\t\t<\/div>\n\t\t<\/div>\n\t\t<div class=\"edgtf-item-text-overlay\">\n\t\t\t<div class=\"edgtf-item-text-overlay-inner\">\n\t\t\t\t<div class=\"edgtf-item-text-holder\">\n\n\t<h4 class=\"edgtf-item-title\">\n\t\t<a class =\"edgtf-portfolio-title-link\" href=\"\/ita\/projects\/nabe_milano\/\">\n\t\t\tNab\u00e8 | Milano\t\t<\/a>\n\t<\/h4>\n\n\t<div class=\"edgtf-ptf-category-holder\"><span>Allestimento<\/span> , <span>Commerciale<\/span><\/div>\n<\/div>\t\t\t<\/div>\n\t\t<\/div>\n\t<\/div>\n<\/article>\n\n\n<article class=\"edgtf-portfolio-item mix portfolio_category_257\" >\n\t<div class=\"edgtf-portfolio-item-inner\">\n\t\t<a class=\"edgtf-portfolio-link\" href=\"\/ita\/projects\/icone_di_potere_e_bellezza\"><\/a>\n\t\t<div class=\"edgtf-item-image-holder\">\n\t\t\t<div class=\"edgtf-item-image-holder-inner\">\n\t\t\t\t<img loading=\"lazy\" decoding=\"async\" width=\"550\" height=\"550\" src=\"https:\/\/i0.wp.com\/www.deferrari-modesti.com\/ita\/wp-content\/uploads\/2026\/01\/6560_icona_potere_e_belezza.jpg?resize=550%2C550&amp;ssl=1\" class=\"attachment-oberon_edge_square size-oberon_edge_square wp-post-image\" alt=\"Icone di potere e belezza, Allestimento Museo Archeologico Nazionale Firenze, Deferrari+Modesti\" srcset=\"https:\/\/i0.wp.com\/www.deferrari-modesti.com\/ita\/wp-content\/uploads\/2026\/01\/6560_icona_potere_e_belezza.jpg?resize=150%2C150&amp;ssl=1 150w, https:\/\/i0.wp.com\/www.deferrari-modesti.com\/ita\/wp-content\/uploads\/2026\/01\/6560_icona_potere_e_belezza.jpg?resize=550%2C550&amp;ssl=1 550w, https:\/\/i0.wp.com\/www.deferrari-modesti.com\/ita\/wp-content\/uploads\/2026\/01\/6560_icona_potere_e_belezza.jpg?resize=1000%2C1000&amp;ssl=1 1000w, https:\/\/i0.wp.com\/www.deferrari-modesti.com\/ita\/wp-content\/uploads\/2026\/01\/6560_icona_potere_e_belezza.jpg?zoom=2&amp;resize=550%2C550 1100w, https:\/\/i0.wp.com\/www.deferrari-modesti.com\/ita\/wp-content\/uploads\/2026\/01\/6560_icona_potere_e_belezza.jpg?zoom=3&amp;resize=550%2C550 1650w\" sizes=\"auto, (max-width: 550px) 100vw, 550px\" \/>\t\t\t<\/div>\n\t\t<\/div>\n\t\t<div class=\"edgtf-item-text-overlay\">\n\t\t\t<div class=\"edgtf-item-text-overlay-inner\">\n\t\t\t\t<div class=\"edgtf-item-text-holder\">\n\n\t<h4 class=\"edgtf-item-title\">\n\t\t<a class =\"edgtf-portfolio-title-link\" href=\"\/ita\/projects\/icone_di_potere_e_bellezza\">\n\t\t\tIcone di potere e bellezza\t\t<\/a>\n\t<\/h4>\n\n\t<div class=\"edgtf-ptf-category-holder\"><span>Allestimento<\/span><\/div>\n<\/div>\t\t\t<\/div>\n\t\t<\/div>\n\t<\/div>\n<\/article>\n\n\n<article class=\"edgtf-portfolio-item mix portfolio_category_257\" >\n\t<div class=\"edgtf-portfolio-item-inner\">\n\t\t<a class=\"edgtf-portfolio-link\" href=\"\/ita\/projects\/exenia-light-building-2024-booth-project\/\"><\/a>\n\t\t<div class=\"edgtf-item-image-holder\">\n\t\t\t<div class=\"edgtf-item-image-holder-inner\">\n\t\t\t\t<img loading=\"lazy\" decoding=\"async\" width=\"550\" height=\"550\" src=\"https:\/\/i0.wp.com\/www.deferrari-modesti.com\/ita\/wp-content\/uploads\/2024\/03\/LB-2024-Stand-Exenia_3137a.jpg?resize=550%2C550&amp;ssl=1\" class=\"attachment-oberon_edge_square size-oberon_edge_square wp-post-image\" alt=\"Exenia Booth for Light+Building 2024, Boothdesign Deferrari+Modesti, Booth Design, Exenia, Deferrari Modesti, Vescom Fabrics\" srcset=\"https:\/\/i0.wp.com\/www.deferrari-modesti.com\/ita\/wp-content\/uploads\/2024\/03\/LB-2024-Stand-Exenia_3137a.jpg?resize=150%2C150&amp;ssl=1 150w, https:\/\/i0.wp.com\/www.deferrari-modesti.com\/ita\/wp-content\/uploads\/2024\/03\/LB-2024-Stand-Exenia_3137a.jpg?resize=550%2C550&amp;ssl=1 550w, https:\/\/i0.wp.com\/www.deferrari-modesti.com\/ita\/wp-content\/uploads\/2024\/03\/LB-2024-Stand-Exenia_3137a.jpg?resize=1000%2C1000&amp;ssl=1 1000w, https:\/\/i0.wp.com\/www.deferrari-modesti.com\/ita\/wp-content\/uploads\/2024\/03\/LB-2024-Stand-Exenia_3137a.jpg?zoom=2&amp;resize=550%2C550 1100w\" sizes=\"auto, (max-width: 550px) 100vw, 550px\" \/>\t\t\t<\/div>\n\t\t<\/div>\n\t\t<div class=\"edgtf-item-text-overlay\">\n\t\t\t<div class=\"edgtf-item-text-overlay-inner\">\n\t\t\t\t<div class=\"edgtf-item-text-holder\">\n\n\t<h4 class=\"edgtf-item-title\">\n\t\t<a class =\"edgtf-portfolio-title-link\" href=\"\/ita\/projects\/exenia-light-building-2024-booth-project\/\">\n\t\t\tExenia | Light+Building_2024\t\t<\/a>\n\t<\/h4>\n\n\t<div class=\"edgtf-ptf-category-holder\"><span>Allestimento<\/span><\/div>\n<\/div>\t\t\t<\/div>\n\t\t<\/div>\n\t<\/div>\n<\/article>\n\n\n<article class=\"edgtf-portfolio-item mix portfolio_category_257\" >\n\t<div class=\"edgtf-portfolio-item-inner\">\n\t\t<a class=\"edgtf-portfolio-link\" href=\"\/ita\/projects\/divina_simulacra_galleria_degli_uffizi\/\"><\/a>\n\t\t<div class=\"edgtf-item-image-holder\">\n\t\t\t<div class=\"edgtf-item-image-holder-inner\">\n\t\t\t\t<img loading=\"lazy\" decoding=\"async\" width=\"550\" height=\"550\" src=\"https:\/\/i0.wp.com\/www.deferrari-modesti.com\/ita\/wp-content\/uploads\/2024\/01\/Divina_Simulacra_Uffizi_Firenze_Exhibition_Design_Ninfa.jpg?resize=550%2C550&amp;ssl=1\" class=\"attachment-oberon_edge_square size-oberon_edge_square wp-post-image\" alt=\"Ninfa seduta, II secolo d.C., Galleria degli Uffizi, Divina Simulacra, Deferrari Modesti, Exhibition Design\" srcset=\"https:\/\/i0.wp.com\/www.deferrari-modesti.com\/ita\/wp-content\/uploads\/2024\/01\/Divina_Simulacra_Uffizi_Firenze_Exhibition_Design_Ninfa.jpg?resize=150%2C150&amp;ssl=1 150w, https:\/\/i0.wp.com\/www.deferrari-modesti.com\/ita\/wp-content\/uploads\/2024\/01\/Divina_Simulacra_Uffizi_Firenze_Exhibition_Design_Ninfa.jpg?resize=550%2C550&amp;ssl=1 550w\" sizes=\"auto, (max-width: 550px) 100vw, 550px\" \/>\t\t\t<\/div>\n\t\t<\/div>\n\t\t<div class=\"edgtf-item-text-overlay\">\n\t\t\t<div class=\"edgtf-item-text-overlay-inner\">\n\t\t\t\t<div class=\"edgtf-item-text-holder\">\n\n\t<h4 class=\"edgtf-item-title\">\n\t\t<a class =\"edgtf-portfolio-title-link\" href=\"\/ita\/projects\/divina_simulacra_galleria_degli_uffizi\/\">\n\t\t\tDIVINA SIMULACRA | Uffizi\t\t<\/a>\n\t<\/h4>\n\n\t<div class=\"edgtf-ptf-category-holder\"><span>Allestimento<\/span><\/div>\n<\/div>\t\t\t<\/div>\n\t\t<\/div>\n\t<\/div>\n<\/article>\n\n\n<article class=\"edgtf-portfolio-item mix portfolio_category_257 portfolio_category_256\" >\n\t<div class=\"edgtf-portfolio-item-inner\">\n\t\t<a class=\"edgtf-portfolio-link\" href=\"\/ita\/projects\/cruna_como\/\"><\/a>\n\t\t<div class=\"edgtf-item-image-holder\">\n\t\t\t<div class=\"edgtf-item-image-holder-inner\">\n\t\t\t\t<img loading=\"lazy\" decoding=\"async\" width=\"550\" height=\"550\" src=\"https:\/\/i0.wp.com\/www.deferrari-modesti.com\/ita\/wp-content\/uploads\/2023\/06\/DM_cruna_como_DSCF2054.jpeg?resize=550%2C550&amp;ssl=1\" class=\"attachment-oberon_edge_square size-oberon_edge_square wp-post-image\" alt=\"Negozio Cruna a Como by Deferrari+Modesti, Flagship Store, interior Design\" srcset=\"https:\/\/i0.wp.com\/www.deferrari-modesti.com\/ita\/wp-content\/uploads\/2023\/06\/DM_cruna_como_DSCF2054.jpeg?resize=150%2C150&amp;ssl=1 150w, https:\/\/i0.wp.com\/www.deferrari-modesti.com\/ita\/wp-content\/uploads\/2023\/06\/DM_cruna_como_DSCF2054.jpeg?resize=550%2C550&amp;ssl=1 550w, https:\/\/i0.wp.com\/www.deferrari-modesti.com\/ita\/wp-content\/uploads\/2023\/06\/DM_cruna_como_DSCF2054.jpeg?resize=1000%2C1000&amp;ssl=1 1000w, https:\/\/i0.wp.com\/www.deferrari-modesti.com\/ita\/wp-content\/uploads\/2023\/06\/DM_cruna_como_DSCF2054.jpeg?zoom=2&amp;resize=550%2C550 1100w\" sizes=\"auto, (max-width: 550px) 100vw, 550px\" \/>\t\t\t<\/div>\n\t\t<\/div>\n\t\t<div class=\"edgtf-item-text-overlay\">\n\t\t\t<div class=\"edgtf-item-text-overlay-inner\">\n\t\t\t\t<div class=\"edgtf-item-text-holder\">\n\n\t<h4 class=\"edgtf-item-title\">\n\t\t<a class =\"edgtf-portfolio-title-link\" href=\"\/ita\/projects\/cruna_como\/\">\n\t\t\tCruna | Como\t\t<\/a>\n\t<\/h4>\n\n\t<div class=\"edgtf-ptf-category-holder\"><span>Allestimento<\/span> , <span>Commerciale<\/span><\/div>\n<\/div>\t\t\t<\/div>\n\t\t<\/div>\n\t<\/div>\n<\/article>\n\n<div class='edgtf-portfolio-gap'><\/div>\n<div class='edgtf-portfolio-gap'><\/div>\n<div class='edgtf-portfolio-gap'><\/div>\n<div class='edgtf-portfolio-gap'><\/div>\n<div class='edgtf-portfolio-gap'><\/div>\n<\/div><\/div>[\/vc_column_inner][\/vc_row_inner][vc_row_inner content_width=&#8221;grid&#8221; content_aligment=&#8221;center&#8221; css=&#8221;.vc_custom_1489421654821{padding-bottom: 60px !important;}&#8221;][vc_column_inner]<a href=\"\/ita\/projects\/\" target=\"_self\"  class=\"edgtf-btn edgtf-btn-small edgtf-btn-outline edgtf-btn-custom-hover-bg edgtf-btn-custom-border-hover edgtf-btn-custom-hover-color\" data-hover-bg-color=\"#f4f4f4\" data-hover-color=\"#303030\" data-hover-border-color=\"#303030\" >\n\t    <span class=\"edgtf-btn-text\">\n\t    \tTUTTI I PROGETTI\t    <\/span>\n            \t<div class=\"edgtf-btn-background-holder\">\n\t\t    <span class=\"edgtf-btn-background\" style=\"background-color: #f4f4f4\"><\/span>\n\t   <\/div>\n    <\/a>[\/vc_column_inner][\/vc_row_inner][\/vc_column][\/vc_row][vc_row content_width=&#8221;grid&#8221; content_aligment=&#8221;center&#8221; el_id=&#8221;social&#8221; css=&#8221;.vc_custom_1489418802315{padding-top: 60px !important;padding-bottom: 30px !important;}&#8221;][vc_column css=&#8221;.vc_custom_1488207273848{padding-bottom: 30px !important;}&#8221;]\n    <span class=\"edgtf-icon-shortcode circle\" style=\"margin: 0px 10px 0px 10px;width: 40px;height: 40px;line-height: 40px;background-color: #000000\" data-color=\"#ffffff\">\n                    <a href=\"https:\/\/www.instagram.com\/deferrarimodesti\/\" target=\"_blank\" >\n        \n        <i class=\"edgtf-icon-font-awesome fa fa-instagram edgtf-icon-element\" style=\"color: #ffffff;font-size:20px\" ><\/i>\n                    <\/a>\n            <\/span>\n\n\n    <span class=\"edgtf-icon-shortcode circle\" style=\"margin: 0px 10px 0px 10px;width: 40px;height: 40px;line-height: 40px;background-color: #000000\" data-color=\"#ffffff\">\n                    <a href=\"https:\/\/www.facebook.com\/pages\/DEFERRARIMODESTI\/\" target=\"_blank\" >\n        \n        <i class=\"edgtf-icon-font-awesome fa fa-facebook edgtf-icon-element\" style=\"color: #ffffff;font-size:20px\" ><\/i>\n                    <\/a>\n            <\/span>\n\n\n    <span class=\"edgtf-icon-shortcode circle\" style=\"margin: 0px 10px 0px 10px;width: 40px;height: 40px;line-height: 40px;background-color: #000000\" data-color=\"#ffffff\">\n                    <a href=\"https:\/\/twitter.com\/dmarchitetti\" target=\"_blank\" >\n        \n        <i class=\"edgtf-icon-font-awesome fa fa-twitter edgtf-icon-element\" style=\"color: #ffffff;font-size:20px\" ><\/i>\n                    <\/a>\n            <\/span>\n\n\n    <span class=\"edgtf-icon-shortcode circle\" style=\"margin: 0px 10px 0px 10px;width: 40px;height: 40px;line-height: 40px;background-color: #000000\" data-color=\"#ffffff\">\n                    <a href=\"https:\/\/it.pinterest.com\/defemode\/\" target=\"_blank\" >\n        \n        <i class=\"edgtf-icon-font-awesome fa fa-pinterest-p edgtf-icon-element\" style=\"color: #ffffff;font-size:20px\" ><\/i>\n                    <\/a>\n            <\/span>\n\n[vc_row_inner css=&#8221;.vc_custom_1488207776926{padding-top: 30px !important;}&#8221;][vc_column_inner][vc_column_text]<\/p>\n<h6 style=\"text-align: center;\">Copyright \u00a92025 &#8211; Studio Associato Deferrari Modesti<br \/>\nVia Gino Capponi 23, Firenze Italia | +39\u00a0055.5120335 | p.i.07193460487<\/h6>\n<p>[\/vc_column_text][\/vc_column_inner][\/vc_row_inner][\/vc_column][\/vc_row]<\/p>\n","protected":false},"excerpt":{"rendered":"<p>[vc_row content_width=&#8221;grid&#8221; el_id=&#8221;info&#8221; css=&#8221;.vc_custom_1591536721606{padding-top: 50px !important;}&#8221;][vc_column][vc_column_text css_animation=&#8221;none&#8221;] DIVINA SIMULACRA Capolavori di scultura classica della Galleria degli Uffizi [\/vc_column_text][\/vc_column][\/vc_row][vc_row][vc_column offset=&#8221;vc_hidden-xs&#8221;][vc_empty_space height=&#8221;45&#8243;][\/vc_column][\/vc_row][vc_row content_width=&#8221;grid&#8221; css=&#8221;.vc_custom_1705925154314{padding-top: 15px !important;padding-bottom: 15px !important;}&#8221;][vc_column width=&#8221;1\/4&#8243; css=&#8221;.vc_custom_1705318986316{padding-bottom: 15px !important;}&#8221;][\/vc_column][vc_column width=&#8221;3\/4&#8243;][vc_single_image image=&#8221;16767&#8243; img_size=&#8221;full&#8221; add_caption=&#8221;yes&#8221; alignment=&#8221;right&#8221;][\/vc_column][\/vc_row][vc_row][vc_column offset=&#8221;vc_hidden-xs&#8221;][vc_empty_space height=&#8221;50&#8243;][\/vc_column][\/vc_row][vc_row content_width=&#8221;grid&#8221; css=&#8221;.vc_custom_1705925147394{padding-top: 15px !important;}&#8221;][vc_column][vc_row_inner css=&#8221;.vc_custom_1705925188943{padding-top: 15px !important;}&#8221;][vc_column_inner width=&#8221;7\/12&#8243;&#8230;<\/p>\n","protected":false},"author":1,"featured_media":16767,"parent":10969,"menu_order":0,"comment_status":"closed","ping_status":"closed","template":"full-width.php","meta":{"footnotes":""},"class_list":["post-16755","page","type-page","status-publish","has-post-thumbnail","hentry"],"yoast_head":"<!-- This site is optimized with the Yoast SEO plugin v27.5 - https:\/\/yoast.com\/product\/yoast-seo-wordpress\/ -->\r\n<title>DIVINIA SIMULACRA | Le Gallerie degli Uffizi | Allestimento Museale | Allestimento Mostra | DEFERRARI+MODESTI<\/title>\r\n<meta name=\"robots\" content=\"index, follow, max-snippet:-1, max-image-preview:large, max-video-preview:-1\" \/>\r\n<link rel=\"canonical\" href=\"https:\/\/www.deferrari-modesti.com\/ita\/projects\/divina_simulacra_galleria_degli_uffizi\/\" \/>\r\n<meta property=\"og:locale\" content=\"it_IT\" \/>\r\n<meta property=\"og:type\" content=\"article\" \/>\r\n<meta property=\"og:title\" content=\"DIVINIA SIMULACRA | Le Gallerie degli Uffizi | Allestimento Museale | Allestimento Mostra | DEFERRARI+MODESTI\" \/>\r\n<meta property=\"og:description\" content=\"[vc_row content_width=&#8221;grid&#8221; el_id=&#8221;info&#8221; css=&#8221;.vc_custom_1591536721606{padding-top: 50px !important;}&#8221;][vc_column][vc_column_text css_animation=&#8221;none&#8221;] DIVINA SIMULACRA Capolavori di scultura classica della Galleria degli Uffizi [\/vc_column_text][\/vc_column][\/vc_row][vc_row][vc_column offset=&#8221;vc_hidden-xs&#8221;][vc_empty_space height=&#8221;45&#8243;][\/vc_column][\/vc_row][vc_row content_width=&#8221;grid&#8221; css=&#8221;.vc_custom_1705925154314{padding-top: 15px !important;padding-bottom: 15px !important;}&#8221;][vc_column width=&#8221;1\/4&#8243; css=&#8221;.vc_custom_1705318986316{padding-bottom: 15px !important;}&#8221;][\/vc_column][vc_column width=&#8221;3\/4&#8243;][vc_single_image image=&#8221;16767&#8243; img_size=&#8221;full&#8221; add_caption=&#8221;yes&#8221; alignment=&#8221;right&#8221;][\/vc_column][\/vc_row][vc_row][vc_column offset=&#8221;vc_hidden-xs&#8221;][vc_empty_space height=&#8221;50&#8243;][\/vc_column][\/vc_row][vc_row content_width=&#8221;grid&#8221; css=&#8221;.vc_custom_1705925147394{padding-top: 15px !important;}&#8221;][vc_column][vc_row_inner css=&#8221;.vc_custom_1705925188943{padding-top: 15px !important;}&#8221;][vc_column_inner width=&#8221;7\/12&#8243;...\" \/>\r\n<meta property=\"og:url\" content=\"https:\/\/www.deferrari-modesti.com\/ita\/projects\/divina_simulacra_galleria_degli_uffizi\/\" \/>\r\n<meta property=\"og:site_name\" content=\"DEFERRARI+MODESTI\" \/>\r\n<meta property=\"article:publisher\" content=\"https:\/\/www.facebook.com\/pages\/DEFERRARIMODESTI\/\" \/>\r\n<meta property=\"article:modified_time\" content=\"2024-05-27T10:34:59+00:00\" \/>\r\n<meta property=\"og:image\" content=\"http:\/\/www.deferrari-modesti.com\/ita\/wp-content\/uploads\/2024\/01\/Divina_Simulacra_Uffizi_Firenze_Exhibition_Design_Ninfa.jpg\" \/>\r\n\t<meta property=\"og:image:width\" content=\"900\" \/>\r\n\t<meta property=\"og:image:height\" content=\"1200\" \/>\r\n\t<meta property=\"og:image:type\" content=\"image\/jpeg\" \/>\r\n<meta name=\"twitter:card\" content=\"summary_large_image\" \/>\r\n<meta name=\"twitter:site\" content=\"@dmarchitetti\" \/>\r\n<meta name=\"twitter:label1\" content=\"Tempo di lettura stimato\" \/>\n\t<meta name=\"twitter:data1\" content=\"3 minuti\" \/>\r\n<script type=\"application\/ld+json\" class=\"yoast-schema-graph\">{\"@context\":\"https:\\\/\\\/schema.org\",\"@graph\":[{\"@type\":\"WebPage\",\"@id\":\"https:\\\/\\\/www.deferrari-modesti.com\\\/ita\\\/projects\\\/divina_simulacra_galleria_degli_uffizi\\\/\",\"url\":\"https:\\\/\\\/www.deferrari-modesti.com\\\/ita\\\/projects\\\/divina_simulacra_galleria_degli_uffizi\\\/\",\"name\":\"DIVINIA SIMULACRA | Le Gallerie degli Uffizi | Allestimento Museale | Allestimento Mostra | DEFERRARI+MODESTI\",\"isPartOf\":{\"@id\":\"https:\\\/\\\/www.deferrari-modesti.com\\\/ita\\\/#website\"},\"primaryImageOfPage\":{\"@id\":\"https:\\\/\\\/www.deferrari-modesti.com\\\/ita\\\/projects\\\/divina_simulacra_galleria_degli_uffizi\\\/#primaryimage\"},\"image\":{\"@id\":\"https:\\\/\\\/www.deferrari-modesti.com\\\/ita\\\/projects\\\/divina_simulacra_galleria_degli_uffizi\\\/#primaryimage\"},\"thumbnailUrl\":\"https:\\\/\\\/i0.wp.com\\\/www.deferrari-modesti.com\\\/ita\\\/wp-content\\\/uploads\\\/2024\\\/01\\\/Divina_Simulacra_Uffizi_Firenze_Exhibition_Design_Ninfa.jpg?fit=900%2C1200&ssl=1\",\"datePublished\":\"2024-01-15T11:39:55+00:00\",\"dateModified\":\"2024-05-27T10:34:59+00:00\",\"breadcrumb\":{\"@id\":\"https:\\\/\\\/www.deferrari-modesti.com\\\/ita\\\/projects\\\/divina_simulacra_galleria_degli_uffizi\\\/#breadcrumb\"},\"inLanguage\":\"it-IT\",\"potentialAction\":[{\"@type\":\"ReadAction\",\"target\":[\"https:\\\/\\\/www.deferrari-modesti.com\\\/ita\\\/projects\\\/divina_simulacra_galleria_degli_uffizi\\\/\"]}]},{\"@type\":\"ImageObject\",\"inLanguage\":\"it-IT\",\"@id\":\"https:\\\/\\\/www.deferrari-modesti.com\\\/ita\\\/projects\\\/divina_simulacra_galleria_degli_uffizi\\\/#primaryimage\",\"url\":\"https:\\\/\\\/i0.wp.com\\\/www.deferrari-modesti.com\\\/ita\\\/wp-content\\\/uploads\\\/2024\\\/01\\\/Divina_Simulacra_Uffizi_Firenze_Exhibition_Design_Ninfa.jpg?fit=900%2C1200&ssl=1\",\"contentUrl\":\"https:\\\/\\\/i0.wp.com\\\/www.deferrari-modesti.com\\\/ita\\\/wp-content\\\/uploads\\\/2024\\\/01\\\/Divina_Simulacra_Uffizi_Firenze_Exhibition_Design_Ninfa.jpg?fit=900%2C1200&ssl=1\",\"width\":900,\"height\":1200,\"caption\":\"Ninfa seduta, II secolo d.C., Galleria degli Uffizi, Firenze\"},{\"@type\":\"BreadcrumbList\",\"@id\":\"https:\\\/\\\/www.deferrari-modesti.com\\\/ita\\\/projects\\\/divina_simulacra_galleria_degli_uffizi\\\/#breadcrumb\",\"itemListElement\":[{\"@type\":\"ListItem\",\"position\":1,\"name\":\"Home\",\"item\":\"https:\\\/\\\/www.deferrari-modesti.com\\\/ita\\\/\"},{\"@type\":\"ListItem\",\"position\":2,\"name\":\"Projects\",\"item\":\"https:\\\/\\\/www.deferrari-modesti.com\\\/ita\\\/projects\\\/\"},{\"@type\":\"ListItem\",\"position\":3,\"name\":\"DIVINIA SIMULACRA | Le Gallerie degli Uffizi\"}]},{\"@type\":\"WebSite\",\"@id\":\"https:\\\/\\\/www.deferrari-modesti.com\\\/ita\\\/#website\",\"url\":\"https:\\\/\\\/www.deferrari-modesti.com\\\/ita\\\/\",\"name\":\"DEFERRARI+MODESTI\",\"description\":\"Studio di Architettura e di Interior Design a Firenze\",\"publisher\":{\"@id\":\"https:\\\/\\\/www.deferrari-modesti.com\\\/ita\\\/#organization\"},\"alternateName\":\"DEFERRARI+MODESTI\",\"potentialAction\":[{\"@type\":\"SearchAction\",\"target\":{\"@type\":\"EntryPoint\",\"urlTemplate\":\"https:\\\/\\\/www.deferrari-modesti.com\\\/ita\\\/?s={search_term_string}\"},\"query-input\":{\"@type\":\"PropertyValueSpecification\",\"valueRequired\":true,\"valueName\":\"search_term_string\"}}],\"inLanguage\":\"it-IT\"},{\"@type\":\"Organization\",\"@id\":\"https:\\\/\\\/www.deferrari-modesti.com\\\/ita\\\/#organization\",\"name\":\"DEFERRARI+MODESTI\",\"alternateName\":\"Studio di Architettura e di Interior Design a Firenze, ci occupiamo di progettazione architettonica e di interni per spazi residenziali e commerciale, oltre che a progetti di allestimenti museali e aziendali.\",\"url\":\"https:\\\/\\\/www.deferrari-modesti.com\\\/ita\\\/\",\"logo\":{\"@type\":\"ImageObject\",\"inLanguage\":\"it-IT\",\"@id\":\"https:\\\/\\\/www.deferrari-modesti.com\\\/ita\\\/#\\\/schema\\\/logo\\\/image\\\/\",\"url\":\"https:\\\/\\\/i0.wp.com\\\/www.deferrari-modesti.com\\\/ita\\\/wp-content\\\/uploads\\\/2017\\\/03\\\/dm_logo_b-1-e1488992448715.png?fit=400%2C26&ssl=1\",\"contentUrl\":\"https:\\\/\\\/i0.wp.com\\\/www.deferrari-modesti.com\\\/ita\\\/wp-content\\\/uploads\\\/2017\\\/03\\\/dm_logo_b-1-e1488992448715.png?fit=400%2C26&ssl=1\",\"width\":400,\"height\":26,\"caption\":\"DEFERRARI+MODESTI\"},\"image\":{\"@id\":\"https:\\\/\\\/www.deferrari-modesti.com\\\/ita\\\/#\\\/schema\\\/logo\\\/image\\\/\"},\"sameAs\":[\"https:\\\/\\\/www.facebook.com\\\/pages\\\/DEFERRARIMODESTI\\\/\",\"https:\\\/\\\/x.com\\\/dmarchitetti\",\"https:\\\/\\\/www.instagram.com\\\/deferrarimodesti\\\/\",\"https:\\\/\\\/www.linkedin.com\\\/company\\\/deferrari-modesti\",\"https:\\\/\\\/www.pinterest.it\\\/defemode\\\/\"]}]}<\/script>\r\n<!-- \/ Yoast SEO plugin. -->","yoast_head_json":{"title":"DIVINIA SIMULACRA | Le Gallerie degli Uffizi | Allestimento Museale | Allestimento Mostra | DEFERRARI+MODESTI","robots":{"index":"index","follow":"follow","max-snippet":"max-snippet:-1","max-image-preview":"max-image-preview:large","max-video-preview":"max-video-preview:-1"},"canonical":"https:\/\/www.deferrari-modesti.com\/ita\/projects\/divina_simulacra_galleria_degli_uffizi\/","og_locale":"it_IT","og_type":"article","og_title":"DIVINIA SIMULACRA | Le Gallerie degli Uffizi | Allestimento Museale | Allestimento Mostra | DEFERRARI+MODESTI","og_description":"[vc_row content_width=&#8221;grid&#8221; el_id=&#8221;info&#8221; css=&#8221;.vc_custom_1591536721606{padding-top: 50px !important;}&#8221;][vc_column][vc_column_text css_animation=&#8221;none&#8221;] DIVINA SIMULACRA Capolavori di scultura classica della Galleria degli Uffizi [\/vc_column_text][\/vc_column][\/vc_row][vc_row][vc_column offset=&#8221;vc_hidden-xs&#8221;][vc_empty_space height=&#8221;45&#8243;][\/vc_column][\/vc_row][vc_row content_width=&#8221;grid&#8221; css=&#8221;.vc_custom_1705925154314{padding-top: 15px !important;padding-bottom: 15px !important;}&#8221;][vc_column width=&#8221;1\/4&#8243; css=&#8221;.vc_custom_1705318986316{padding-bottom: 15px !important;}&#8221;][\/vc_column][vc_column width=&#8221;3\/4&#8243;][vc_single_image image=&#8221;16767&#8243; img_size=&#8221;full&#8221; add_caption=&#8221;yes&#8221; alignment=&#8221;right&#8221;][\/vc_column][\/vc_row][vc_row][vc_column offset=&#8221;vc_hidden-xs&#8221;][vc_empty_space height=&#8221;50&#8243;][\/vc_column][\/vc_row][vc_row content_width=&#8221;grid&#8221; css=&#8221;.vc_custom_1705925147394{padding-top: 15px !important;}&#8221;][vc_column][vc_row_inner css=&#8221;.vc_custom_1705925188943{padding-top: 15px !important;}&#8221;][vc_column_inner width=&#8221;7\/12&#8243;...","og_url":"https:\/\/www.deferrari-modesti.com\/ita\/projects\/divina_simulacra_galleria_degli_uffizi\/","og_site_name":"DEFERRARI+MODESTI","article_publisher":"https:\/\/www.facebook.com\/pages\/DEFERRARIMODESTI\/","article_modified_time":"2024-05-27T10:34:59+00:00","og_image":[{"width":900,"height":1200,"url":"http:\/\/www.deferrari-modesti.com\/ita\/wp-content\/uploads\/2024\/01\/Divina_Simulacra_Uffizi_Firenze_Exhibition_Design_Ninfa.jpg","type":"image\/jpeg"}],"twitter_card":"summary_large_image","twitter_site":"@dmarchitetti","twitter_misc":{"Tempo di lettura stimato":"3 minuti"},"schema":{"@context":"https:\/\/schema.org","@graph":[{"@type":"WebPage","@id":"https:\/\/www.deferrari-modesti.com\/ita\/projects\/divina_simulacra_galleria_degli_uffizi\/","url":"https:\/\/www.deferrari-modesti.com\/ita\/projects\/divina_simulacra_galleria_degli_uffizi\/","name":"DIVINIA SIMULACRA | Le Gallerie degli Uffizi | Allestimento Museale | Allestimento Mostra | DEFERRARI+MODESTI","isPartOf":{"@id":"https:\/\/www.deferrari-modesti.com\/ita\/#website"},"primaryImageOfPage":{"@id":"https:\/\/www.deferrari-modesti.com\/ita\/projects\/divina_simulacra_galleria_degli_uffizi\/#primaryimage"},"image":{"@id":"https:\/\/www.deferrari-modesti.com\/ita\/projects\/divina_simulacra_galleria_degli_uffizi\/#primaryimage"},"thumbnailUrl":"https:\/\/i0.wp.com\/www.deferrari-modesti.com\/ita\/wp-content\/uploads\/2024\/01\/Divina_Simulacra_Uffizi_Firenze_Exhibition_Design_Ninfa.jpg?fit=900%2C1200&ssl=1","datePublished":"2024-01-15T11:39:55+00:00","dateModified":"2024-05-27T10:34:59+00:00","breadcrumb":{"@id":"https:\/\/www.deferrari-modesti.com\/ita\/projects\/divina_simulacra_galleria_degli_uffizi\/#breadcrumb"},"inLanguage":"it-IT","potentialAction":[{"@type":"ReadAction","target":["https:\/\/www.deferrari-modesti.com\/ita\/projects\/divina_simulacra_galleria_degli_uffizi\/"]}]},{"@type":"ImageObject","inLanguage":"it-IT","@id":"https:\/\/www.deferrari-modesti.com\/ita\/projects\/divina_simulacra_galleria_degli_uffizi\/#primaryimage","url":"https:\/\/i0.wp.com\/www.deferrari-modesti.com\/ita\/wp-content\/uploads\/2024\/01\/Divina_Simulacra_Uffizi_Firenze_Exhibition_Design_Ninfa.jpg?fit=900%2C1200&ssl=1","contentUrl":"https:\/\/i0.wp.com\/www.deferrari-modesti.com\/ita\/wp-content\/uploads\/2024\/01\/Divina_Simulacra_Uffizi_Firenze_Exhibition_Design_Ninfa.jpg?fit=900%2C1200&ssl=1","width":900,"height":1200,"caption":"Ninfa seduta, II secolo d.C., Galleria degli Uffizi, Firenze"},{"@type":"BreadcrumbList","@id":"https:\/\/www.deferrari-modesti.com\/ita\/projects\/divina_simulacra_galleria_degli_uffizi\/#breadcrumb","itemListElement":[{"@type":"ListItem","position":1,"name":"Home","item":"https:\/\/www.deferrari-modesti.com\/ita\/"},{"@type":"ListItem","position":2,"name":"Projects","item":"https:\/\/www.deferrari-modesti.com\/ita\/projects\/"},{"@type":"ListItem","position":3,"name":"DIVINIA SIMULACRA | Le Gallerie degli Uffizi"}]},{"@type":"WebSite","@id":"https:\/\/www.deferrari-modesti.com\/ita\/#website","url":"https:\/\/www.deferrari-modesti.com\/ita\/","name":"DEFERRARI+MODESTI","description":"Studio di Architettura e di Interior Design a Firenze","publisher":{"@id":"https:\/\/www.deferrari-modesti.com\/ita\/#organization"},"alternateName":"DEFERRARI+MODESTI","potentialAction":[{"@type":"SearchAction","target":{"@type":"EntryPoint","urlTemplate":"https:\/\/www.deferrari-modesti.com\/ita\/?s={search_term_string}"},"query-input":{"@type":"PropertyValueSpecification","valueRequired":true,"valueName":"search_term_string"}}],"inLanguage":"it-IT"},{"@type":"Organization","@id":"https:\/\/www.deferrari-modesti.com\/ita\/#organization","name":"DEFERRARI+MODESTI","alternateName":"Studio di Architettura e di Interior Design a Firenze, ci occupiamo di progettazione architettonica e di interni per spazi residenziali e commerciale, oltre che a progetti di allestimenti museali e aziendali.","url":"https:\/\/www.deferrari-modesti.com\/ita\/","logo":{"@type":"ImageObject","inLanguage":"it-IT","@id":"https:\/\/www.deferrari-modesti.com\/ita\/#\/schema\/logo\/image\/","url":"https:\/\/i0.wp.com\/www.deferrari-modesti.com\/ita\/wp-content\/uploads\/2017\/03\/dm_logo_b-1-e1488992448715.png?fit=400%2C26&ssl=1","contentUrl":"https:\/\/i0.wp.com\/www.deferrari-modesti.com\/ita\/wp-content\/uploads\/2017\/03\/dm_logo_b-1-e1488992448715.png?fit=400%2C26&ssl=1","width":400,"height":26,"caption":"DEFERRARI+MODESTI"},"image":{"@id":"https:\/\/www.deferrari-modesti.com\/ita\/#\/schema\/logo\/image\/"},"sameAs":["https:\/\/www.facebook.com\/pages\/DEFERRARIMODESTI\/","https:\/\/x.com\/dmarchitetti","https:\/\/www.instagram.com\/deferrarimodesti\/","https:\/\/www.linkedin.com\/company\/deferrari-modesti","https:\/\/www.pinterest.it\/defemode\/"]}]}},"_links":{"self":[{"href":"https:\/\/www.deferrari-modesti.com\/ita\/wp-json\/wp\/v2\/pages\/16755","targetHints":{"allow":["GET"]}}],"collection":[{"href":"https:\/\/www.deferrari-modesti.com\/ita\/wp-json\/wp\/v2\/pages"}],"about":[{"href":"https:\/\/www.deferrari-modesti.com\/ita\/wp-json\/wp\/v2\/types\/page"}],"author":[{"embeddable":true,"href":"https:\/\/www.deferrari-modesti.com\/ita\/wp-json\/wp\/v2\/users\/1"}],"replies":[{"embeddable":true,"href":"https:\/\/www.deferrari-modesti.com\/ita\/wp-json\/wp\/v2\/comments?post=16755"}],"version-history":[{"count":20,"href":"https:\/\/www.deferrari-modesti.com\/ita\/wp-json\/wp\/v2\/pages\/16755\/revisions"}],"predecessor-version":[{"id":17174,"href":"https:\/\/www.deferrari-modesti.com\/ita\/wp-json\/wp\/v2\/pages\/16755\/revisions\/17174"}],"up":[{"embeddable":true,"href":"https:\/\/www.deferrari-modesti.com\/ita\/wp-json\/wp\/v2\/pages\/10969"}],"wp:featuredmedia":[{"embeddable":true,"href":"https:\/\/www.deferrari-modesti.com\/ita\/wp-json\/wp\/v2\/media\/16767"}],"wp:attachment":[{"href":"https:\/\/www.deferrari-modesti.com\/ita\/wp-json\/wp\/v2\/media?parent=16755"}],"curies":[{"name":"wp","href":"https:\/\/api.w.org\/{rel}","templated":true}]}}